{"id":4503,"date":"2026-03-08T03:29:45","date_gmt":"2026-03-08T03:29:45","guid":{"rendered":"https:\/\/gracef.uqo.ca\/?page_id=4503"},"modified":"2026-03-08T03:32:33","modified_gmt":"2026-03-08T03:32:33","slug":"equipe-noyau","status":"publish","type":"page","link":"https:\/\/gracef.uqo.ca\/?page_id=4503","title":{"rendered":"\u00c9quipe Noyau"},"content":{"rendered":"\t\t<div data-elementor-type=\"wp-page\" data-elementor-id=\"4503\" class=\"elementor elementor-4503\">\n\t\t\t\t\t\t<section class=\"elementor-section elementor-top-section elementor-element elementor-element-136d863 elementor-section-boxed elementor-section-height-default elementor-section-height-default\" data-id=\"136d863\" data-element_type=\"section\">\n\t\t\t\t\t\t<div class=\"elementor-container elementor-column-gap-default\">\n\t\t\t\t\t<div class=\"elementor-column elementor-col-100 elementor-top-column elementor-element elementor-element-f9c240c\" data-id=\"f9c240c\" data-element_type=\"column\">\n\t\t\t<div class=\"elementor-widget-wrap elementor-element-populated\">\n\t\t\t\t\t\t<section class=\"elementor-section elementor-inner-section elementor-element elementor-element-764996a elementor-section-boxed elementor-section-height-default elementor-section-height-default\" data-id=\"764996a\" data-element_type=\"section\">\n\t\t\t\t\t\t<div class=\"elementor-container elementor-column-gap-default\">\n\t\t\t\t\t<div class=\"elementor-column elementor-col-100 elementor-inner-column elementor-element elementor-element-c9bc351\" data-id=\"c9bc351\" data-element_type=\"column\">\n\t\t\t<div class=\"elementor-widget-wrap elementor-element-populated\">\n\t\t\t\t\t\t<div class=\"elementor-element elementor-element-010a854 elementor-widget elementor-widget-heading\" data-id=\"010a854\" data-element_type=\"widget\" data-widget_type=\"heading.default\">\n\t\t\t\t<div class=\"elementor-widget-container\">\n\t\t\t\t\t<p class=\"elementor-heading-title elementor-size-default\">\u00c9quipe noyau <\/p>\t\t\t\t<\/div>\n\t\t\t\t<\/div>\n\t\t\t\t<div class=\"elementor-element elementor-element-02c6c86 elementor-widget elementor-widget-heading\" data-id=\"02c6c86\" data-element_type=\"widget\" data-widget_type=\"heading.default\">\n\t\t\t\t<div class=\"elementor-widget-container\">\n\t\t\t\t\t<h3 class=\"elementor-heading-title elementor-size-default\">L\u2019\u00e9quipe noyaux regroupe les personnes qui travaillent quotidiennement sur les diff\u00e9rents chantiers et \u00e0 la r\u00e9alisation de la mission. <\/h3>\t\t\t\t<\/div>\n\t\t\t\t<\/div>\n\t\t\t\t\t<\/div>\n\t\t<\/div>\n\t\t\t\t\t<\/div>\n\t\t<\/section>\n\t\t\t\t\t<\/div>\n\t\t<\/div>\n\t\t\t\t\t<\/div>\n\t\t<\/section>\n\t\t\t\t<section class=\"elementor-section elementor-top-section elementor-element elementor-element-c7aa45e elementor-section-stretched elementor-section-boxed elementor-section-height-default elementor-section-height-default\" data-id=\"c7aa45e\" data-element_type=\"section\" data-settings=\"{&quot;stretch_section&quot;:&quot;section-stretched&quot;}\">\n\t\t\t\t\t\t<div class=\"elementor-container elementor-column-gap-default\">\n\t\t\t\t\t<div class=\"elementor-column elementor-col-33 elementor-top-column elementor-element elementor-element-7758cf9\" data-id=\"7758cf9\" data-element_type=\"column\" data-settings=\"{&quot;background_background&quot;:&quot;classic&quot;}\">\n\t\t\t<div class=\"elementor-widget-wrap\">\n\t\t\t\t\t\t\t<\/div>\n\t\t<\/div>\n\t\t\t\t<div class=\"elementor-column elementor-col-66 elementor-top-column elementor-element elementor-element-62951a7\" data-id=\"62951a7\" data-element_type=\"column\">\n\t\t\t<div class=\"elementor-widget-wrap elementor-element-populated\">\n\t\t\t\t\t\t<div class=\"elementor-element elementor-element-1e3db92 elementor-widget elementor-widget-heading\" data-id=\"1e3db92\" data-element_type=\"widget\" data-widget_type=\"heading.default\">\n\t\t\t\t<div class=\"elementor-widget-container\">\n\t\t\t\t\t<h2 class=\"elementor-heading-title elementor-size-default\">Vicky Lafantaisie<\/h2>\t\t\t\t<\/div>\n\t\t\t\t<\/div>\n\t\t\t\t<div class=\"elementor-element elementor-element-1c1180c elementor-widget elementor-widget-heading\" data-id=\"1c1180c\" data-element_type=\"widget\" data-widget_type=\"heading.default\">\n\t\t\t\t<div class=\"elementor-widget-container\">\n\t\t\t\t\t<h4 class=\"elementor-heading-title elementor-size-default\">directrice du GRACeF<\/h4>\t\t\t\t<\/div>\n\t\t\t\t<\/div>\n\t\t\t\t<div class=\"elementor-element elementor-element-5a2040b elementor-widget elementor-widget-text-editor\" data-id=\"5a2040b\" data-element_type=\"widget\" data-widget_type=\"text-editor.default\">\n\t\t\t\t<div class=\"elementor-widget-container\">\n\t\t\t\t\t\t\t\t\t<p>Je suis professeure au D\u00e9partement de psycho\u00e9ducation et de psychologie de l\u2019Universit\u00e9 du Qu\u00e9bec en Outaouais (UQO) depuis 2015 et directrice du Groupe de recherche \u2013 Action communautaire et Familles (GRACeF). Je suis titulaire d\u2019un baccalaur\u00e9at et d\u2019une ma\u00eetrise en psycho\u00e9ducation de l\u2019UQO et d\u2019un doctorat en psycho\u00e9ducation de l\u2019Universit\u00e9 du Qu\u00e9bec \u00e0 Trois-Rivi\u00e8res. Avant d\u2019\u00eatre professeure, j\u2019ai travaill\u00e9 comme intervenante aupr\u00e8s des familles dans diff\u00e9rentes organisations de services, dont un organisme communautaire famille (OCF).<\/p><p>En recherche, je m\u2019int\u00e9resse \u00e0 la mani\u00e8re dont les situations de n\u00e9gligence et de vuln\u00e9rabilit\u00e9 familiale sont comprises et trait\u00e9es \u00e0 l\u2019int\u00e9rieur et \u00e0 l\u2019ext\u00e9rieur des diff\u00e9rentes organisations de services. Mes travaux actuels abordent la participation des enfants, la formation initiale des intervenant\u00b7e\u00b7s et l\u2019action communautaire par, pour et avec les familles. Une de mes pr\u00e9occupations porte sur la repr\u00e9sentation des personnes concern\u00e9es dans la recherche. Par le biais de mes travaux, je souhaite contribuer au d\u00e9veloppement de pratiques participatives et anti-oppressives en recherche, en enseignement et en intervention.<\/p>\t\t\t\t\t\t\t\t<\/div>\n\t\t\t\t<\/div>\n\t\t\t\t<div class=\"elementor-element elementor-element-05a0e65 elementor-absolute elementor-widget__width-initial elementor-widget elementor-widget-image\" data-id=\"05a0e65\" data-element_type=\"widget\" data-settings=\"{&quot;_position&quot;:&quot;absolute&quot;}\" data-widget_type=\"image.default\">\n\t\t\t\t<div class=\"elementor-widget-container\">\n\t\t\t\t\t\t\t\t\t\t\t\t\t\t\t<img fetchpriority=\"high\" decoding=\"async\" width=\"1000\" height=\"1333\" src=\"https:\/\/gracef.uqo.ca\/wp-content\/uploads\/2025\/02\/Equipe-noyau.Vicky_.png\" class=\"attachment-full size-full wp-image-3350\" alt=\"\" srcset=\"https:\/\/gracef.uqo.ca\/wp-content\/uploads\/2025\/02\/Equipe-noyau.Vicky_.png 1000w, https:\/\/gracef.uqo.ca\/wp-content\/uploads\/2025\/02\/Equipe-noyau.Vicky_-225x300.png 225w, https:\/\/gracef.uqo.ca\/wp-content\/uploads\/2025\/02\/Equipe-noyau.Vicky_-768x1024.png 768w\" sizes=\"(max-width: 1000px) 100vw, 1000px\" \/>\t\t\t\t\t\t\t\t\t\t\t\t\t\t\t<\/div>\n\t\t\t\t<\/div>\n\t\t\t\t\t<\/div>\n\t\t<\/div>\n\t\t\t\t\t<\/div>\n\t\t<\/section>\n\t\t<div class=\"elementor-element elementor-element-c65347b e-flex e-con-boxed e-con e-parent\" data-id=\"c65347b\" data-element_type=\"container\">\n\t\t\t\t\t<div class=\"e-con-inner\">\n\t\t\t\t<div class=\"elementor-element elementor-element-7520374 elementor-widget-divider--view-line elementor-widget elementor-widget-divider\" data-id=\"7520374\" data-element_type=\"widget\" data-widget_type=\"divider.default\">\n\t\t\t\t<div class=\"elementor-widget-container\">\n\t\t\t\t\t\t\t<div class=\"elementor-divider\">\n\t\t\t<span class=\"elementor-divider-separator\">\n\t\t\t\t\t\t<\/span>\n\t\t<\/div>\n\t\t\t\t\t\t<\/div>\n\t\t\t\t<\/div>\n\t\t\t\t\t<\/div>\n\t\t\t\t<\/div>\n\t\t\t\t<section class=\"elementor-section elementor-top-section elementor-element elementor-element-df2634b elementor-section-stretched elementor-section-boxed elementor-section-height-default elementor-section-height-default\" data-id=\"df2634b\" data-element_type=\"section\" data-settings=\"{&quot;stretch_section&quot;:&quot;section-stretched&quot;}\">\n\t\t\t\t\t\t<div class=\"elementor-container elementor-column-gap-default\">\n\t\t\t\t\t<div class=\"elementor-column elementor-col-33 elementor-top-column elementor-element elementor-element-5006686\" data-id=\"5006686\" data-element_type=\"column\" data-settings=\"{&quot;background_background&quot;:&quot;classic&quot;}\">\n\t\t\t<div class=\"elementor-widget-wrap\">\n\t\t\t\t\t\t\t<\/div>\n\t\t<\/div>\n\t\t\t\t<div class=\"elementor-column elementor-col-66 elementor-top-column elementor-element elementor-element-7e2c7e2\" data-id=\"7e2c7e2\" data-element_type=\"column\">\n\t\t\t<div class=\"elementor-widget-wrap elementor-element-populated\">\n\t\t\t\t\t\t<div class=\"elementor-element elementor-element-1200783 elementor-widget elementor-widget-heading\" data-id=\"1200783\" data-element_type=\"widget\" data-widget_type=\"heading.default\">\n\t\t\t\t<div class=\"elementor-widget-container\">\n\t\t\t\t\t<h2 class=\"elementor-heading-title elementor-size-default\">M\u00e9lissa David<\/h2>\t\t\t\t<\/div>\n\t\t\t\t<\/div>\n\t\t\t\t<div class=\"elementor-element elementor-element-ff7b74d elementor-widget elementor-widget-heading\" data-id=\"ff7b74d\" data-element_type=\"widget\" data-widget_type=\"heading.default\">\n\t\t\t\t<div class=\"elementor-widget-container\">\n\t\t\t\t\t<h4 class=\"elementor-heading-title elementor-size-default\">coordonnatrice du GRACeF<\/h4>\t\t\t\t<\/div>\n\t\t\t\t<\/div>\n\t\t\t\t<div class=\"elementor-element elementor-element-27fd598 elementor-widget elementor-widget-text-editor\" data-id=\"27fd598\" data-element_type=\"widget\" data-widget_type=\"text-editor.default\">\n\t\t\t\t<div class=\"elementor-widget-container\">\n\t\t\t\t\t\t\t\t\t<p>Je m\u2019appelle M\u00e9lissa David et je suis psycho\u00e9ducatrice et coordonnatrice de recherche. Je coordonne le GRACeF ainsi que d\u2019autres projets de recherche en partenariat avec Vicky Lafantaisie. Je suis \u00e9galement charg\u00e9e de cours au d\u00e9partement de psycho\u00e9ducation et de psychologie \u00e0 l\u2019Universit\u00e9 du Qu\u00e9bec en Outaouais (UQO). En tant qu\u2019intervenante, dans les 10 derni\u00e8res ann\u00e9es, j\u2019ai multipli\u00e9 les milieux d\u2019intervention en passant par le scolaire, le r\u00e9seau de la sant\u00e9 et des services sociaux, le priv\u00e9 ainsi que le communautaire. L\u2019action communautaire m\u2019\u00e9tant tr\u00e8s ch\u00e8re, de par ses principes et valeurs qui r\u00e9sonnent en moi, j\u2019ai notamment poursuivi en recherche afin de soutenir les acteurs et actrices qui gravitent dans et autour de ce milieu. Finalement, autant en intervention, en enseignement et en recherche, je m\u2019int\u00e9resse aux approches participatives, lesquelles je tente de mettre de l\u2019avant.<\/p>\t\t\t\t\t\t\t\t<\/div>\n\t\t\t\t<\/div>\n\t\t\t\t<div class=\"elementor-element elementor-element-4bd9c3d elementor-absolute elementor-widget__width-initial elementor-widget elementor-widget-image\" data-id=\"4bd9c3d\" data-element_type=\"widget\" data-settings=\"{&quot;_position&quot;:&quot;absolute&quot;}\" data-widget_type=\"image.default\">\n\t\t\t\t<div class=\"elementor-widget-container\">\n\t\t\t\t\t\t\t\t\t\t\t\t\t\t\t<img decoding=\"async\" width=\"635\" height=\"791\" src=\"https:\/\/gracef.uqo.ca\/wp-content\/uploads\/2025\/02\/Melissa-David.jpg\" class=\"attachment-full size-full wp-image-3388\" alt=\"\" srcset=\"https:\/\/gracef.uqo.ca\/wp-content\/uploads\/2025\/02\/Melissa-David.jpg 635w, https:\/\/gracef.uqo.ca\/wp-content\/uploads\/2025\/02\/Melissa-David-241x300.jpg 241w\" sizes=\"(max-width: 635px) 100vw, 635px\" \/>\t\t\t\t\t\t\t\t\t\t\t\t\t\t\t<\/div>\n\t\t\t\t<\/div>\n\t\t\t\t\t<\/div>\n\t\t<\/div>\n\t\t\t\t\t<\/div>\n\t\t<\/section>\n\t\t<div class=\"elementor-element elementor-element-e99da0b e-flex e-con-boxed e-con e-parent\" data-id=\"e99da0b\" data-element_type=\"container\">\n\t\t\t\t\t<div class=\"e-con-inner\">\n\t\t\t\t<div class=\"elementor-element elementor-element-de25306 elementor-widget-divider--view-line elementor-widget elementor-widget-divider\" data-id=\"de25306\" data-element_type=\"widget\" data-widget_type=\"divider.default\">\n\t\t\t\t<div class=\"elementor-widget-container\">\n\t\t\t\t\t\t\t<div class=\"elementor-divider\">\n\t\t\t<span class=\"elementor-divider-separator\">\n\t\t\t\t\t\t<\/span>\n\t\t<\/div>\n\t\t\t\t\t\t<\/div>\n\t\t\t\t<\/div>\n\t\t\t\t\t<\/div>\n\t\t\t\t<\/div>\n\t\t\t\t<section class=\"elementor-section elementor-top-section elementor-element elementor-element-3e7112d elementor-section-stretched elementor-section-boxed elementor-section-height-default elementor-section-height-default\" data-id=\"3e7112d\" data-element_type=\"section\" data-settings=\"{&quot;stretch_section&quot;:&quot;section-stretched&quot;}\">\n\t\t\t\t\t\t<div class=\"elementor-container elementor-column-gap-default\">\n\t\t\t\t\t<div class=\"elementor-column elementor-col-33 elementor-top-column elementor-element elementor-element-9f2a145\" data-id=\"9f2a145\" data-element_type=\"column\" data-settings=\"{&quot;background_background&quot;:&quot;classic&quot;}\">\n\t\t\t<div class=\"elementor-widget-wrap\">\n\t\t\t\t\t\t\t<\/div>\n\t\t<\/div>\n\t\t\t\t<div class=\"elementor-column elementor-col-66 elementor-top-column elementor-element elementor-element-cee9ef1\" data-id=\"cee9ef1\" data-element_type=\"column\">\n\t\t\t<div class=\"elementor-widget-wrap elementor-element-populated\">\n\t\t\t\t\t\t<div class=\"elementor-element elementor-element-3c4b3c2 elementor-widget elementor-widget-heading\" data-id=\"3c4b3c2\" data-element_type=\"widget\" data-widget_type=\"heading.default\">\n\t\t\t\t<div class=\"elementor-widget-container\">\n\t\t\t\t\t<h2 class=\"elementor-heading-title elementor-size-default\">Maude Sauv\u00e9<\/h2>\t\t\t\t<\/div>\n\t\t\t\t<\/div>\n\t\t\t\t<div class=\"elementor-element elementor-element-d615f92 elementor-widget elementor-widget-heading\" data-id=\"d615f92\" data-element_type=\"widget\" data-widget_type=\"heading.default\">\n\t\t\t\t<div class=\"elementor-widget-container\">\n\t\t\t\t\t<h4 class=\"elementor-heading-title elementor-size-default\">assistante de recherche<\/h4>\t\t\t\t<\/div>\n\t\t\t\t<\/div>\n\t\t\t\t<div class=\"elementor-element elementor-element-7f2c4dc elementor-widget elementor-widget-text-editor\" data-id=\"7f2c4dc\" data-element_type=\"widget\" data-widget_type=\"text-editor.default\">\n\t\t\t\t<div class=\"elementor-widget-container\">\n\t\t\t\t\t\t\t\t\t<p>Je m\u2019appelle Maude Sauv\u00e9 (elle) et je suis \u00e9tudiante au doctorat en psychologie communautaire \u00e0 l\u2019Universit\u00e9 du Qu\u00e9bec \u00e0 Montr\u00e9al (UQAM). Je fais pr\u00e9sentement un stage de recherche pour le GRACeF et dans le cadre de celui-ci, je m\u2019occupe avec mes coll\u00e8gues du chantier un et de la communaut\u00e9 \u00e9tudiante. J\u2019ai d\u00e9cid\u00e9 de m\u2019impliquer au GRACeF, car l\u2019action communautaire de fa\u00e7on g\u00e9n\u00e9rale est un th\u00e8me qui m\u2019int\u00e9resse depuis longtemps. En effet, je suis tr\u00e8s int\u00e9ress\u00e9e sur ces effets, mais aussi les enjeux qui y sont associ\u00e9s et qui peuvent limiter l\u2019implication de diff\u00e9rents groupes sociaux. Autres que l\u2019action communautaire, mes champs d\u2019int\u00e9r\u00eat couvrent l\u2019itin\u00e9rance et la cohabitation sociale, int\u00e9r\u00eats sur lesquels porte ma th\u00e8se.<\/p>\t\t\t\t\t\t\t\t<\/div>\n\t\t\t\t<\/div>\n\t\t\t\t<div class=\"elementor-element elementor-element-d3b67ba elementor-absolute elementor-widget__width-initial elementor-widget elementor-widget-image\" data-id=\"d3b67ba\" data-element_type=\"widget\" data-settings=\"{&quot;_position&quot;:&quot;absolute&quot;}\" data-widget_type=\"image.default\">\n\t\t\t\t<div class=\"elementor-widget-container\">\n\t\t\t\t\t\t\t\t\t\t\t\t\t\t\t<img decoding=\"async\" width=\"1000\" height=\"1115\" src=\"https:\/\/gracef.uqo.ca\/wp-content\/uploads\/2025\/02\/Equipe-noyau.-Maude.png\" class=\"attachment-full size-full wp-image-3382\" alt=\"\" srcset=\"https:\/\/gracef.uqo.ca\/wp-content\/uploads\/2025\/02\/Equipe-noyau.-Maude.png 1000w, https:\/\/gracef.uqo.ca\/wp-content\/uploads\/2025\/02\/Equipe-noyau.-Maude-269x300.png 269w, https:\/\/gracef.uqo.ca\/wp-content\/uploads\/2025\/02\/Equipe-noyau.-Maude-918x1024.png 918w, https:\/\/gracef.uqo.ca\/wp-content\/uploads\/2025\/02\/Equipe-noyau.-Maude-768x856.png 768w\" sizes=\"(max-width: 1000px) 100vw, 1000px\" \/>\t\t\t\t\t\t\t\t\t\t\t\t\t\t\t<\/div>\n\t\t\t\t<\/div>\n\t\t\t\t\t<\/div>\n\t\t<\/div>\n\t\t\t\t\t<\/div>\n\t\t<\/section>\n\t\t<div class=\"elementor-element elementor-element-b74468e e-flex e-con-boxed e-con e-parent\" data-id=\"b74468e\" data-element_type=\"container\">\n\t\t\t\t\t<div class=\"e-con-inner\">\n\t\t\t\t<div class=\"elementor-element elementor-element-c7b9f60 elementor-widget-divider--view-line elementor-widget elementor-widget-divider\" data-id=\"c7b9f60\" data-element_type=\"widget\" data-widget_type=\"divider.default\">\n\t\t\t\t<div class=\"elementor-widget-container\">\n\t\t\t\t\t\t\t<div class=\"elementor-divider\">\n\t\t\t<span class=\"elementor-divider-separator\">\n\t\t\t\t\t\t<\/span>\n\t\t<\/div>\n\t\t\t\t\t\t<\/div>\n\t\t\t\t<\/div>\n\t\t\t\t\t<\/div>\n\t\t\t\t<\/div>\n\t\t\t\t<section class=\"elementor-section elementor-top-section elementor-element elementor-element-5b817c9 elementor-section-stretched elementor-section-boxed elementor-section-height-default elementor-section-height-default\" data-id=\"5b817c9\" data-element_type=\"section\" data-settings=\"{&quot;stretch_section&quot;:&quot;section-stretched&quot;}\">\n\t\t\t\t\t\t<div class=\"elementor-container elementor-column-gap-default\">\n\t\t\t\t\t<div class=\"elementor-column elementor-col-33 elementor-top-column elementor-element elementor-element-daa04c7\" data-id=\"daa04c7\" data-element_type=\"column\" data-settings=\"{&quot;background_background&quot;:&quot;classic&quot;}\">\n\t\t\t<div class=\"elementor-widget-wrap\">\n\t\t\t\t\t\t\t<\/div>\n\t\t<\/div>\n\t\t\t\t<div class=\"elementor-column elementor-col-66 elementor-top-column elementor-element elementor-element-46b6261\" data-id=\"46b6261\" data-element_type=\"column\">\n\t\t\t<div class=\"elementor-widget-wrap elementor-element-populated\">\n\t\t\t\t\t\t<div class=\"elementor-element elementor-element-1682e5b elementor-widget elementor-widget-heading\" data-id=\"1682e5b\" data-element_type=\"widget\" data-widget_type=\"heading.default\">\n\t\t\t\t<div class=\"elementor-widget-container\">\n\t\t\t\t\t<h2 class=\"elementor-heading-title elementor-size-default\">Catherine Girard<\/h2>\t\t\t\t<\/div>\n\t\t\t\t<\/div>\n\t\t\t\t<div class=\"elementor-element elementor-element-96b8978 elementor-widget elementor-widget-heading\" data-id=\"96b8978\" data-element_type=\"widget\" data-widget_type=\"heading.default\">\n\t\t\t\t<div class=\"elementor-widget-container\">\n\t\t\t\t\t<h4 class=\"elementor-heading-title elementor-size-default\">assistante de recherche<\/h4>\t\t\t\t<\/div>\n\t\t\t\t<\/div>\n\t\t\t\t<div class=\"elementor-element elementor-element-6b702bf elementor-widget elementor-widget-text-editor\" data-id=\"6b702bf\" data-element_type=\"widget\" data-widget_type=\"text-editor.default\">\n\t\t\t\t<div class=\"elementor-widget-container\">\n\t\t\t\t\t\t\t\t\t<p>Bonjour, ici Catherine! Je suis doctorante en psychologie communautaire \u00e0 l\u2019Universit\u00e9 du Qu\u00e9bec \u00e0 Montr\u00e9al (UQAM) et j\u2019occupe le r\u00f4le d\u2019auxiliaire de recherche dans l\u2019\u00e9quipe du GRACeF. Je collabore \u00e9galement avec ma coll\u00e8gue Maude \u00e0 la coordination de la Communaut\u00e9 \u00e9tudiante GRACeF. Dans les derni\u00e8res ann\u00e9es, j\u2019ai travaill\u00e9 comme charg\u00e9e de projet de l\u2019initiative ParrA\u00een\u00e9.e.s qui vise \u00e0 soutenir le d\u00e9veloppement des capacit\u00e9s num\u00e9riques des a\u00een\u00e9.e.s pour contrer l&#8217;isolement, ainsi que favoriser un dialogue ouvert entre g\u00e9n\u00e9rations pour contrer l\u2019\u00e2gisme. Mes int\u00e9r\u00eats de recherche se penchent notamment sur des enjeux li\u00e9s \u00e0 la justice sociale, la solidarit\u00e9 interg\u00e9n\u00e9rationnelle et la participation citoyenne. Les valeurs d\u2019entraide, de rigueur et d\u2019ouverture d\u2019esprit promues par le GRACeF me sont tr\u00e8s ch\u00e8res et motivent mon travail aupr\u00e8s de cette \u00e9quipe rayonnante pour contribuer \u00e0 la reconnaissance de l\u2019action communautaire.<\/p>\t\t\t\t\t\t\t\t<\/div>\n\t\t\t\t<\/div>\n\t\t\t\t<div class=\"elementor-element elementor-element-d0d749e elementor-absolute elementor-widget__width-initial elementor-widget elementor-widget-image\" data-id=\"d0d749e\" data-element_type=\"widget\" data-settings=\"{&quot;_position&quot;:&quot;absolute&quot;}\" data-widget_type=\"image.default\">\n\t\t\t\t<div class=\"elementor-widget-container\">\n\t\t\t\t\t\t\t\t\t\t\t\t\t\t\t<img loading=\"lazy\" decoding=\"async\" width=\"1000\" height=\"1407\" src=\"https:\/\/gracef.uqo.ca\/wp-content\/uploads\/2025\/02\/Equipe-noyau.Catherine.png\" class=\"attachment-full size-full wp-image-3383\" alt=\"\" srcset=\"https:\/\/gracef.uqo.ca\/wp-content\/uploads\/2025\/02\/Equipe-noyau.Catherine.png 1000w, https:\/\/gracef.uqo.ca\/wp-content\/uploads\/2025\/02\/Equipe-noyau.Catherine-213x300.png 213w, https:\/\/gracef.uqo.ca\/wp-content\/uploads\/2025\/02\/Equipe-noyau.Catherine-728x1024.png 728w, https:\/\/gracef.uqo.ca\/wp-content\/uploads\/2025\/02\/Equipe-noyau.Catherine-768x1081.png 768w\" sizes=\"(max-width: 1000px) 100vw, 1000px\" \/>\t\t\t\t\t\t\t\t\t\t\t\t\t\t\t<\/div>\n\t\t\t\t<\/div>\n\t\t\t\t\t<\/div>\n\t\t<\/div>\n\t\t\t\t\t<\/div>\n\t\t<\/section>\n\t\t<div class=\"elementor-element elementor-element-88e43e3 e-flex e-con-boxed e-con e-parent\" data-id=\"88e43e3\" data-element_type=\"container\">\n\t\t\t\t\t<div class=\"e-con-inner\">\n\t\t\t\t<div class=\"elementor-element elementor-element-4ed9da2 elementor-widget-divider--view-line elementor-widget elementor-widget-divider\" data-id=\"4ed9da2\" data-element_type=\"widget\" data-widget_type=\"divider.default\">\n\t\t\t\t<div class=\"elementor-widget-container\">\n\t\t\t\t\t\t\t<div class=\"elementor-divider\">\n\t\t\t<span class=\"elementor-divider-separator\">\n\t\t\t\t\t\t<\/span>\n\t\t<\/div>\n\t\t\t\t\t\t<\/div>\n\t\t\t\t<\/div>\n\t\t\t\t\t<\/div>\n\t\t\t\t<\/div>\n\t\t\t\t<section class=\"elementor-section elementor-top-section elementor-element elementor-element-5cca92f elementor-section-stretched elementor-section-boxed elementor-section-height-default elementor-section-height-default\" data-id=\"5cca92f\" data-element_type=\"section\" data-settings=\"{&quot;stretch_section&quot;:&quot;section-stretched&quot;}\">\n\t\t\t\t\t\t<div class=\"elementor-container elementor-column-gap-default\">\n\t\t\t\t\t<div class=\"elementor-column elementor-col-33 elementor-top-column elementor-element elementor-element-b0eabf2\" data-id=\"b0eabf2\" data-element_type=\"column\" data-settings=\"{&quot;background_background&quot;:&quot;classic&quot;}\">\n\t\t\t<div class=\"elementor-widget-wrap\">\n\t\t\t\t\t\t\t<\/div>\n\t\t<\/div>\n\t\t\t\t<div class=\"elementor-column elementor-col-66 elementor-top-column elementor-element elementor-element-68b553d\" data-id=\"68b553d\" data-element_type=\"column\">\n\t\t\t<div class=\"elementor-widget-wrap elementor-element-populated\">\n\t\t\t\t\t\t<div class=\"elementor-element elementor-element-e242a56 elementor-widget elementor-widget-heading\" data-id=\"e242a56\" data-element_type=\"widget\" data-widget_type=\"heading.default\">\n\t\t\t\t<div class=\"elementor-widget-container\">\n\t\t\t\t\t<h2 class=\"elementor-heading-title elementor-size-default\">Emmanuelle Chartrand<\/h2>\t\t\t\t<\/div>\n\t\t\t\t<\/div>\n\t\t\t\t<div class=\"elementor-element elementor-element-8c3d47a elementor-widget elementor-widget-heading\" data-id=\"8c3d47a\" data-element_type=\"widget\" data-widget_type=\"heading.default\">\n\t\t\t\t<div class=\"elementor-widget-container\">\n\t\t\t\t\t<h4 class=\"elementor-heading-title elementor-size-default\">assistante de recherche<\/h4>\t\t\t\t<\/div>\n\t\t\t\t<\/div>\n\t\t\t\t<div class=\"elementor-element elementor-element-05bbe6c elementor-widget elementor-widget-text-editor\" data-id=\"05bbe6c\" data-element_type=\"widget\" data-widget_type=\"text-editor.default\">\n\t\t\t\t<div class=\"elementor-widget-container\">\n\t\t\t\t\t\t\t\t\t<p>Bonjour \u00e0 tou\u00b7te\u00b7s ! Je m\u2019appelle Emmanuelle (Manue, pronoms f\u00e9minins), je suis \u00e9tudiante \u00e0 la ma\u00eetrise en psycho\u00e9ducation \u00e0 l\u2019Universit\u00e9 du Qu\u00e9bec \u00e0 Trois-Rivi\u00e8res. Durant mon parcours universitaire, j\u2019ai eu la chance de rencontrer Vicky Lafantaisie et de travailler au sein de son \u00e9quipe sur plusieurs projets de recherche participative. J\u2019ai d\u00e9couvert les organismes communautaires Famille dans le cadre de l\u2019\u00e9tude <i>S\u2019engager dans les organismes communautaires Famille: une \u00e9tude sur les conditions de travail et la sant\u00e9 psychologique des travailleuses et des travailleurs<\/i>. Ce f\u00fbt une grande r\u00e9v\u00e9lation; mon int\u00e9r\u00eat d\u00e9j\u00e0 pr\u00e9sent pour le milieu communautaire, ses valeurs de justice sociale et de politisation du <i>care<\/i> m\u2019a amen\u00e9 \u00e0 d\u00e9couvrir la r\u00e9alit\u00e9 des travailleuses en OCF et l\u2019exp\u00e9rience des parents et des enfants qui prennent part \u00e0 leur communaut\u00e9. J\u2019ai eu la chance de r\u00e9aliser mon stage de ma\u00eetrise dans un organisme communautaire en petite enfance, pour lequel je travaille actuellement, et mon projet de m\u00e9moire porte sur la construction de sens des familles suivies par la Protection de la jeunesse, en partenariat avec un organisme communautaire Famille. Le GRACeF me permet de relier la recherche et l\u2019intervention dans le champ de l\u2019action communautaire autonome Famille et de faire partie d\u2019une communaut\u00e9 soutenante, ce qui est tr\u00e8s pr\u00e9cieux. Au plaisir de vous rencontrer !<\/p>\t\t\t\t\t\t\t\t<\/div>\n\t\t\t\t<\/div>\n\t\t\t\t<div class=\"elementor-element elementor-element-4906ee5 elementor-absolute elementor-widget__width-initial elementor-widget elementor-widget-image\" data-id=\"4906ee5\" data-element_type=\"widget\" data-settings=\"{&quot;_position&quot;:&quot;absolute&quot;}\" data-widget_type=\"image.default\">\n\t\t\t\t<div class=\"elementor-widget-container\">\n\t\t\t\t\t\t\t\t\t\t\t\t\t\t\t<img loading=\"lazy\" decoding=\"async\" width=\"757\" height=\"876\" src=\"https:\/\/gracef.uqo.ca\/wp-content\/uploads\/2025\/04\/photo_professionnelle-Emmanuelle-Chartrand.png\" class=\"attachment-full size-full wp-image-4277\" alt=\"\" srcset=\"https:\/\/gracef.uqo.ca\/wp-content\/uploads\/2025\/04\/photo_professionnelle-Emmanuelle-Chartrand.png 757w, https:\/\/gracef.uqo.ca\/wp-content\/uploads\/2025\/04\/photo_professionnelle-Emmanuelle-Chartrand-259x300.png 259w\" sizes=\"(max-width: 757px) 100vw, 757px\" \/>\t\t\t\t\t\t\t\t\t\t\t\t\t\t\t<\/div>\n\t\t\t\t<\/div>\n\t\t\t\t\t<\/div>\n\t\t<\/div>\n\t\t\t\t\t<\/div>\n\t\t<\/section>\n\t\t<div class=\"elementor-element elementor-element-cec3db0 e-flex e-con-boxed e-con e-parent\" data-id=\"cec3db0\" data-element_type=\"container\">\n\t\t\t\t\t<div class=\"e-con-inner\">\n\t\t\t\t<div class=\"elementor-element elementor-element-de24748 elementor-widget-divider--view-line elementor-widget elementor-widget-divider\" data-id=\"de24748\" data-element_type=\"widget\" data-widget_type=\"divider.default\">\n\t\t\t\t<div class=\"elementor-widget-container\">\n\t\t\t\t\t\t\t<div class=\"elementor-divider\">\n\t\t\t<span class=\"elementor-divider-separator\">\n\t\t\t\t\t\t<\/span>\n\t\t<\/div>\n\t\t\t\t\t\t<\/div>\n\t\t\t\t<\/div>\n\t\t\t\t\t<\/div>\n\t\t\t\t<\/div>\n\t\t\t\t<section class=\"elementor-section elementor-top-section elementor-element elementor-element-2452b29 elementor-section-stretched elementor-section-boxed elementor-section-height-default elementor-section-height-default\" data-id=\"2452b29\" data-element_type=\"section\" data-settings=\"{&quot;stretch_section&quot;:&quot;section-stretched&quot;}\">\n\t\t\t\t\t\t<div class=\"elementor-container elementor-column-gap-default\">\n\t\t\t\t\t<div class=\"elementor-column elementor-col-33 elementor-top-column elementor-element elementor-element-538b4db\" data-id=\"538b4db\" data-element_type=\"column\" data-settings=\"{&quot;background_background&quot;:&quot;classic&quot;}\">\n\t\t\t<div class=\"elementor-widget-wrap\">\n\t\t\t\t\t\t\t<\/div>\n\t\t<\/div>\n\t\t\t\t<div class=\"elementor-column elementor-col-66 elementor-top-column elementor-element elementor-element-c56b470\" data-id=\"c56b470\" data-element_type=\"column\">\n\t\t\t<div class=\"elementor-widget-wrap elementor-element-populated\">\n\t\t\t\t\t\t<div class=\"elementor-element elementor-element-e9f9a70 elementor-widget elementor-widget-heading\" data-id=\"e9f9a70\" data-element_type=\"widget\" data-widget_type=\"heading.default\">\n\t\t\t\t<div class=\"elementor-widget-container\">\n\t\t\t\t\t<h2 class=\"elementor-heading-title elementor-size-default\">Josiane Parent<\/h2>\t\t\t\t<\/div>\n\t\t\t\t<\/div>\n\t\t\t\t<div class=\"elementor-element elementor-element-8ed96b1 elementor-widget elementor-widget-heading\" data-id=\"8ed96b1\" data-element_type=\"widget\" data-widget_type=\"heading.default\">\n\t\t\t\t<div class=\"elementor-widget-container\">\n\t\t\t\t\t<h4 class=\"elementor-heading-title elementor-size-default\">assistante de recherche<\/h4>\t\t\t\t<\/div>\n\t\t\t\t<\/div>\n\t\t\t\t<div class=\"elementor-element elementor-element-7f34178 elementor-widget elementor-widget-text-editor\" data-id=\"7f34178\" data-element_type=\"widget\" data-widget_type=\"text-editor.default\">\n\t\t\t\t<div class=\"elementor-widget-container\">\n\t\t\t\t\t\t\t\t\t<p><span class=\"outlook-search-highlight\" data-markjs=\"true\">Je m&#8217;appelle Josiane, je suis<\/span> \u00e9tudiante au doctorat en sciences de la famille \u00e0 l\u2019Universit\u00e9 du Qu\u00e9bec en Outaouais et stagiaire au GRACeF. Je suis maman et psycho\u00e9ducatrice aupr\u00e8s des familles. j&#8217;ai gradu\u00e9 de l\u2019Universit\u00e9 de Montr\u00e9al en 2010, apr\u00e8s avoir fait mon baccalaur\u00e9at et ma ma\u00eetrise en psycho\u00e9ducation. Depuis vingt ans, je cumule mon exp\u00e9rience aupr\u00e8s des enfants, des adolescents et des <span class=\"outlook-search-highlight\" data-markjs=\"true\">parent<\/span>s et ce dans diff\u00e9rents milieux de pratique. Mon sujet de th\u00e8se porte sur l\u2019exp\u00e9rience du <span class=\"outlook-search-highlight\" data-markjs=\"true\">parent<\/span> lors de la transition \u00e0 la <span class=\"outlook-search-highlight\" data-markjs=\"true\">parent<\/span>alit\u00e9. Je me demande si l\u2019environnement social a un impact sur le sentiment d\u2019efficacit\u00e9 <span class=\"outlook-search-highlight\" data-markjs=\"true\">parent<\/span>al? Dans mes temps libres, j&#8217;aime d\u00e9rouler mon tapis de yoga, \u00e9couter de la musique et manger du chocolat.<\/p>\t\t\t\t\t\t\t\t<\/div>\n\t\t\t\t<\/div>\n\t\t\t\t<div class=\"elementor-element elementor-element-e4b15e1 elementor-absolute elementor-widget__width-initial elementor-widget elementor-widget-image\" data-id=\"e4b15e1\" data-element_type=\"widget\" data-settings=\"{&quot;_position&quot;:&quot;absolute&quot;}\" data-widget_type=\"image.default\">\n\t\t\t\t<div class=\"elementor-widget-container\">\n\t\t\t\t\t\t\t\t\t\t\t\t\t\t\t<img loading=\"lazy\" decoding=\"async\" width=\"2048\" height=\"2560\" src=\"https:\/\/gracef.uqo.ca\/wp-content\/uploads\/2025\/04\/josiane-parent-photo-scaled.jpeg\" class=\"attachment-full size-full wp-image-4293\" alt=\"\" srcset=\"https:\/\/gracef.uqo.ca\/wp-content\/uploads\/2025\/04\/josiane-parent-photo-scaled.jpeg 2048w, https:\/\/gracef.uqo.ca\/wp-content\/uploads\/2025\/04\/josiane-parent-photo-240x300.jpeg 240w, https:\/\/gracef.uqo.ca\/wp-content\/uploads\/2025\/04\/josiane-parent-photo-819x1024.jpeg 819w, https:\/\/gracef.uqo.ca\/wp-content\/uploads\/2025\/04\/josiane-parent-photo-768x960.jpeg 768w, https:\/\/gracef.uqo.ca\/wp-content\/uploads\/2025\/04\/josiane-parent-photo-1229x1536.jpeg 1229w, https:\/\/gracef.uqo.ca\/wp-content\/uploads\/2025\/04\/josiane-parent-photo-1638x2048.jpeg 1638w\" sizes=\"(max-width: 2048px) 100vw, 2048px\" \/>\t\t\t\t\t\t\t\t\t\t\t\t\t\t\t<\/div>\n\t\t\t\t<\/div>\n\t\t\t\t\t<\/div>\n\t\t<\/div>\n\t\t\t\t\t<\/div>\n\t\t<\/section>\n\t\t<div class=\"elementor-element elementor-element-e922e21 e-flex e-con-boxed e-con e-parent\" data-id=\"e922e21\" data-element_type=\"container\">\n\t\t\t\t\t<div class=\"e-con-inner\">\n\t\t\t\t<div class=\"elementor-element elementor-element-0e23dbb elementor-widget-divider--view-line elementor-widget elementor-widget-divider\" data-id=\"0e23dbb\" data-element_type=\"widget\" data-widget_type=\"divider.default\">\n\t\t\t\t<div class=\"elementor-widget-container\">\n\t\t\t\t\t\t\t<div class=\"elementor-divider\">\n\t\t\t<span class=\"elementor-divider-separator\">\n\t\t\t\t\t\t<\/span>\n\t\t<\/div>\n\t\t\t\t\t\t<\/div>\n\t\t\t\t<\/div>\n\t\t\t\t\t<\/div>\n\t\t\t\t<\/div>\n\t\t\t\t<section class=\"elementor-section elementor-top-section elementor-element elementor-element-9c2c7a4 elementor-section-stretched elementor-section-boxed elementor-section-height-default elementor-section-height-default\" data-id=\"9c2c7a4\" data-element_type=\"section\" data-settings=\"{&quot;stretch_section&quot;:&quot;section-stretched&quot;}\">\n\t\t\t\t\t\t<div class=\"elementor-container elementor-column-gap-default\">\n\t\t\t\t\t<div class=\"elementor-column elementor-col-33 elementor-top-column elementor-element elementor-element-8d58e96\" data-id=\"8d58e96\" data-element_type=\"column\" data-settings=\"{&quot;background_background&quot;:&quot;classic&quot;}\">\n\t\t\t<div class=\"elementor-widget-wrap\">\n\t\t\t\t\t\t\t<\/div>\n\t\t<\/div>\n\t\t\t\t<div class=\"elementor-column elementor-col-66 elementor-top-column elementor-element elementor-element-8ea8e0f\" data-id=\"8ea8e0f\" data-element_type=\"column\">\n\t\t\t<div class=\"elementor-widget-wrap elementor-element-populated\">\n\t\t\t\t\t\t<div class=\"elementor-element elementor-element-6250c73 elementor-widget elementor-widget-heading\" data-id=\"6250c73\" data-element_type=\"widget\" data-widget_type=\"heading.default\">\n\t\t\t\t<div class=\"elementor-widget-container\">\n\t\t\t\t\t<h2 class=\"elementor-heading-title elementor-size-default\">Carolane Coulombe<\/h2>\t\t\t\t<\/div>\n\t\t\t\t<\/div>\n\t\t\t\t<div class=\"elementor-element elementor-element-66b01ee elementor-widget elementor-widget-heading\" data-id=\"66b01ee\" data-element_type=\"widget\" data-widget_type=\"heading.default\">\n\t\t\t\t<div class=\"elementor-widget-container\">\n\t\t\t\t\t<h4 class=\"elementor-heading-title elementor-size-default\">assistante de recherche<\/h4>\t\t\t\t<\/div>\n\t\t\t\t<\/div>\n\t\t\t\t<div class=\"elementor-element elementor-element-f542405 elementor-widget elementor-widget-text-editor\" data-id=\"f542405\" data-element_type=\"widget\" data-widget_type=\"text-editor.default\">\n\t\t\t\t<div class=\"elementor-widget-container\">\n\t\t\t\t\t\t\t\t\t<p>Je m&#8217;appelle Carolane Coulombe et je suis \u00e9tudiante au doctorat en psychologie, concentration en \u00e9tudes familiales, \u00e0 l\u2019Universit\u00e9 du Qu\u00e9bec \u00e0 Trois-Rivi\u00e8res (UQTR) et assistante de recherche au GRACeF. Au fil de mon parcours, j\u2019ai eu l\u2019opportunit\u00e9 de travailler comme \u00e9ducatrice sp\u00e9cialis\u00e9e, notamment aupr\u00e8s de jeunes en protection de la jeunesse et dans le programme DI-TSA-DP. Ces exp\u00e9riences de terrain m\u2019ont permis de renforcer mes comp\u00e9tences d\u2019intervenante et de mieux comprendre les enjeux sociaux et psychologiques. Depuis quelques ann\u00e9es, je me consacre principalement \u00e0 la recherche, tout en veillant \u00e0 garder un lien avec l\u2019intervention, ce qui est essentiel pour moi. Je m&#8217;engage dans des projets qui r\u00e9sonnent profond\u00e9ment avec mes valeurs, et c\u2019est pourquoi tous les projets auxquels je participe sont en lien avec la communaut\u00e9 ou l\u2019intervention aupr\u00e8s des familles. Mes int\u00e9r\u00eats de recherches portent sur diverses th\u00e9matiques, telles que la transition \u00e0 la parentalit\u00e9 chez les personnes vivant avec un trouble de sant\u00e9 mentale, les enfants vivant aupr\u00e8s d\u2019un proche ou d\u2019un parent ayant un trouble de sant\u00e9 mentale, etc.<\/p>\t\t\t\t\t\t\t\t<\/div>\n\t\t\t\t<\/div>\n\t\t\t\t<div class=\"elementor-element elementor-element-1180c62 elementor-absolute elementor-widget__width-initial elementor-widget elementor-widget-image\" data-id=\"1180c62\" data-element_type=\"widget\" data-settings=\"{&quot;_position&quot;:&quot;absolute&quot;}\" data-widget_type=\"image.default\">\n\t\t\t\t<div class=\"elementor-widget-container\">\n\t\t\t\t\t\t\t\t\t\t\t\t\t\t\t<img loading=\"lazy\" decoding=\"async\" width=\"445\" height=\"479\" src=\"https:\/\/gracef.uqo.ca\/wp-content\/uploads\/2025\/02\/Equipe-noyau.carolane.coulombe.png\" class=\"attachment-full size-full wp-image-3389\" alt=\"\" srcset=\"https:\/\/gracef.uqo.ca\/wp-content\/uploads\/2025\/02\/Equipe-noyau.carolane.coulombe.png 445w, https:\/\/gracef.uqo.ca\/wp-content\/uploads\/2025\/02\/Equipe-noyau.carolane.coulombe-279x300.png 279w\" sizes=\"(max-width: 445px) 100vw, 445px\" \/>\t\t\t\t\t\t\t\t\t\t\t\t\t\t\t<\/div>\n\t\t\t\t<\/div>\n\t\t\t\t\t<\/div>\n\t\t<\/div>\n\t\t\t\t\t<\/div>\n\t\t<\/section>\n\t\t<div class=\"elementor-element elementor-element-58177d8 e-flex e-con-boxed e-con e-parent\" data-id=\"58177d8\" data-element_type=\"container\">\n\t\t\t\t\t<div class=\"e-con-inner\">\n\t\t\t\t<div class=\"elementor-element elementor-element-b1d79c8 elementor-widget-divider--view-line elementor-widget elementor-widget-divider\" data-id=\"b1d79c8\" data-element_type=\"widget\" data-widget_type=\"divider.default\">\n\t\t\t\t<div class=\"elementor-widget-container\">\n\t\t\t\t\t\t\t<div class=\"elementor-divider\">\n\t\t\t<span class=\"elementor-divider-separator\">\n\t\t\t\t\t\t<\/span>\n\t\t<\/div>\n\t\t\t\t\t\t<\/div>\n\t\t\t\t<\/div>\n\t\t\t\t\t<\/div>\n\t\t\t\t<\/div>\n\t\t\t\t<\/div>\n\t\t","protected":false},"excerpt":{"rendered":"<p>\u00c9quipe noyau L\u2019\u00e9quipe noyaux regroupe les personnes qui travaillent quotidiennement sur les diff\u00e9rents chantiers et \u00e0 la r\u00e9alisation de la mission. Vicky Lafantaisie directrice du GRACeF Je suis professeure au D\u00e9partement de psycho\u00e9ducation et de psychologie de l\u2019Universit\u00e9 du Qu\u00e9bec en Outaouais (UQO) depuis 2015 et directrice du Groupe de recherche \u2013 Action communautaire et [&hellip;]<\/p>\n","protected":false},"author":1,"featured_media":0,"parent":0,"menu_order":0,"comment_status":"closed","ping_status":"closed","template":"","meta":{"_acf_changed":false,"footnotes":""},"class_list":["post-4503","page","type-page","status-publish","hentry"],"acf":[],"_links":{"self":[{"href":"https:\/\/gracef.uqo.ca\/index.php?rest_route=\/wp\/v2\/pages\/4503","targetHints":{"allow":["GET"]}}],"collection":[{"href":"https:\/\/gracef.uqo.ca\/index.php?rest_route=\/wp\/v2\/pages"}],"about":[{"href":"https:\/\/gracef.uqo.ca\/index.php?rest_route=\/wp\/v2\/types\/page"}],"author":[{"embeddable":true,"href":"https:\/\/gracef.uqo.ca\/index.php?rest_route=\/wp\/v2\/users\/1"}],"replies":[{"embeddable":true,"href":"https:\/\/gracef.uqo.ca\/index.php?rest_route=%2Fwp%2Fv2%2Fcomments&post=4503"}],"version-history":[{"count":5,"href":"https:\/\/gracef.uqo.ca\/index.php?rest_route=\/wp\/v2\/pages\/4503\/revisions"}],"predecessor-version":[{"id":4508,"href":"https:\/\/gracef.uqo.ca\/index.php?rest_route=\/wp\/v2\/pages\/4503\/revisions\/4508"}],"wp:attachment":[{"href":"https:\/\/gracef.uqo.ca\/index.php?rest_route=%2Fwp%2Fv2%2Fmedia&parent=4503"}],"curies":[{"name":"wp","href":"https:\/\/api.w.org\/{rel}","templated":true}]}}